{"id":990402,"date":"2024-10-18T12:15:43","date_gmt":"2024-10-18T12:15:43","guid":{"rendered":"https:\/\/rochadvocat.com\/avis-legal\/"},"modified":"2024-11-25T12:31:51","modified_gmt":"2024-11-25T12:31:51","slug":"avis-legal","status":"publish","type":"page","link":"https:\/\/rochadvocat.com\/fr\/avis-legal\/","title":{"rendered":"Avertissement l\u00e9gal"},"content":{"rendered":"\t\t<div data-elementor-type=\"wp-page\" data-elementor-id=\"990402\" class=\"elementor elementor-990402 elementor-988620\" data-elementor-post-type=\"page\">\n\t\t\t\t\t\t<section class=\"elementor-section elementor-top-section elementor-element elementor-element-1605c8ea elementor-section-boxed elementor-section-height-default elementor-section-height-default\" data-id=\"1605c8ea\" data-element_type=\"section\" data-e-type=\"section\">\n\t\t\t\t\t\t<div class=\"elementor-container elementor-column-gap-no\">\n\t\t\t\t\t<div class=\"elementor-column elementor-col-50 elementor-top-column elementor-element elementor-element-7fcc2c82\" data-id=\"7fcc2c82\" data-element_type=\"column\" data-e-type=\"column\">\n\t\t\t<div class=\"elementor-widget-wrap elementor-element-populated\">\n\t\t\t\t\t\t\t<\/div>\n\t\t<\/div>\n\t\t\t\t<div class=\"elementor-column elementor-col-50 elementor-top-column elementor-element elementor-element-22a470e3\" data-id=\"22a470e3\" data-element_type=\"column\" data-e-type=\"column\">\n\t\t\t<div class=\"elementor-widget-wrap\">\n\t\t\t\t\t\t\t<\/div>\n\t\t<\/div>\n\t\t\t\t\t<\/div>\n\t\t<\/section>\n\t\t\t\t<section class=\"elementor-section elementor-top-section elementor-element elementor-element-b1fbfb5 elementor-section-boxed elementor-section-height-default elementor-section-height-default\" data-id=\"b1fbfb5\" data-element_type=\"section\" data-e-type=\"section\">\n\t\t\t\t\t\t<div class=\"elementor-container elementor-column-gap-no\">\n\t\t\t\t\t<div class=\"elementor-column elementor-col-100 elementor-top-column elementor-element elementor-element-309aad45\" data-id=\"309aad45\" data-element_type=\"column\" data-e-type=\"column\">\n\t\t\t<div class=\"elementor-widget-wrap elementor-element-populated\">\n\t\t\t\t\t\t<div class=\"elementor-element elementor-element-1a229f96 elementor-widget elementor-widget-heading\" data-id=\"1a229f96\" data-element_type=\"widget\" data-e-type=\"widget\" data-widget_type=\"heading.default\">\n\t\t\t\t<div class=\"elementor-widget-container\">\n\t\t\t\t\t<h3 class=\"elementor-heading-title elementor-size-default\">Qui est responsable du traitement de vos donn\u00e9es personnelles?<\/h3>\t\t\t\t<\/div>\n\t\t\t\t<\/div>\n\t\t\t\t<div class=\"elementor-element elementor-element-2b8086a4 elementor-widget elementor-widget-text-editor\" data-id=\"2b8086a4\" data-element_type=\"widget\" data-e-type=\"widget\" data-widget_type=\"text-editor.default\">\n\t\t\t\t<div class=\"elementor-widget-container\">\n\t\t\t\t\t\t\t\t\tM\u00e0rius Roch 35115946Y, ci-apr\u00e8s RESPONSABLE, est responsable du traitement des donn\u00e9es personnelles que vous nous fournissez et est responsable de ces donn\u00e9es personnelles conform\u00e9ment \u00e0 la r\u00e9glementation applicable en mati\u00e8re de protection des donn\u00e9es.\n\nM\u00c0RIUS ROCH dont le si\u00e8ge social est C\/\tSugranyes,\t39\t1r\t8a 08036 Barcelone Espagne ; avec num\u00e9ro d&rsquo;identification 35115946Y\nE-mail de contact m.roch@icab.cat\t\t\t\t\t\t\t\t<\/div>\n\t\t\t\t<\/div>\n\t\t\t\t<div class=\"elementor-element elementor-element-10aadea elementor-widget elementor-widget-heading\" data-id=\"10aadea\" data-element_type=\"widget\" data-e-type=\"widget\" data-widget_type=\"heading.default\">\n\t\t\t\t<div class=\"elementor-widget-container\">\n\t\t\t\t\t<h3 class=\"elementor-heading-title elementor-size-default\">O\u00f9 stockons-nous vos donn\u00e9es?<\/h3>\t\t\t\t<\/div>\n\t\t\t\t<\/div>\n\t\t\t\t<div class=\"elementor-element elementor-element-5c10738f elementor-widget elementor-widget-text-editor\" data-id=\"5c10738f\" data-element_type=\"widget\" data-e-type=\"widget\" data-widget_type=\"text-editor.default\">\n\t\t\t\t<div class=\"elementor-widget-container\">\n\t\t\t\t\t\t\t\t\t<p>Les donn\u00e9es que nous collectons \u00e0 votre sujet sont stock\u00e9es dans l&rsquo;Espace \u00e9conomique europ\u00e9en (\u00ab EEE \u00bb).<br \/>Tout transfert de vos donn\u00e9es personnelles sera effectu\u00e9 conform\u00e9ment aux lois applicables.<\/p>\t\t\t\t\t\t\t\t<\/div>\n\t\t\t\t<\/div>\n\t\t\t\t<div class=\"elementor-element elementor-element-58926741 elementor-widget elementor-widget-heading\" data-id=\"58926741\" data-element_type=\"widget\" data-e-type=\"widget\" data-widget_type=\"heading.default\">\n\t\t\t\t<div class=\"elementor-widget-container\">\n\t\t\t\t\t<h3 class=\"elementor-heading-title elementor-size-default\">Avec qui partageons-nous vos donn\u00e9es?<\/h3>\t\t\t\t<\/div>\n\t\t\t\t<\/div>\n\t\t\t\t<div class=\"elementor-element elementor-element-5136ef11 elementor-widget elementor-widget-text-editor\" data-id=\"5136ef11\" data-element_type=\"widget\" data-e-type=\"widget\" data-widget_type=\"text-editor.default\">\n\t\t\t\t<div class=\"elementor-widget-container\">\n\t\t\t\t\t\t\t\t\t<p>Vos donn\u00e9es pourront \u00eatre partag\u00e9es par la soci\u00e9t\u00e9 de M\u00e0rius Roch. Nous ne transmettons, vendons ou \u00e9changeons jamais vos donn\u00e9es personnelles avec des tiers. Les donn\u00e9es envoy\u00e9es \u00e0 des tiers seront utilis\u00e9es uniquement pour vous proposer nos services. Nous d\u00e9taillerons les cat\u00e9gories de tiers qui acc\u00e8dent \u00e0 vos donn\u00e9es pour chaque activit\u00e9 de traitement sp\u00e9cifique.<\/p>\t\t\t\t\t\t\t\t<\/div>\n\t\t\t\t<\/div>\n\t\t\t\t<div class=\"elementor-element elementor-element-5e430ed7 elementor-widget elementor-widget-heading\" data-id=\"5e430ed7\" data-element_type=\"widget\" data-e-type=\"widget\" data-widget_type=\"heading.default\">\n\t\t\t\t<div class=\"elementor-widget-container\">\n\t\t\t\t\t<h3 class=\"elementor-heading-title elementor-size-default\">Quelle est la base juridique du traitement de vos donn\u00e9es personnelles?<\/h3>\t\t\t\t<\/div>\n\t\t\t\t<\/div>\n\t\t\t\t<div class=\"elementor-element elementor-element-622bb701 elementor-widget elementor-widget-text-editor\" data-id=\"622bb701\" data-element_type=\"widget\" data-e-type=\"widget\" data-widget_type=\"text-editor.default\">\n\t\t\t\t<div class=\"elementor-widget-container\">\n\t\t\t\t\t\t\t\t\t<p>Dans chaque traitement sp\u00e9cifique des donn\u00e9es personnelles collect\u00e9es vous concernant, nous vous informerons si la communication des donn\u00e9es personnelles est une exigence l\u00e9gale ou contractuelle, ou une exigence n\u00e9cessaire pour conclure un contrat, et si vous \u00eates oblig\u00e9 de fournir les donn\u00e9es personnelles, comme ainsi que les cons\u00e9quences possibles de la non-communication de ces donn\u00e9es.<\/p>\t\t\t\t\t\t\t\t<\/div>\n\t\t\t\t<\/div>\n\t\t\t\t<div class=\"elementor-element elementor-element-531339fc elementor-widget elementor-widget-heading\" data-id=\"531339fc\" data-element_type=\"widget\" data-e-type=\"widget\" data-widget_type=\"heading.default\">\n\t\t\t\t<div class=\"elementor-widget-container\">\n\t\t\t\t\t<h3 class=\"elementor-heading-title elementor-size-default\">Quels sont vos droits?<\/h3>\t\t\t\t<\/div>\n\t\t\t\t<\/div>\n\t\t\t\t<div class=\"elementor-element elementor-element-7ef4734 elementor-widget elementor-widget-text-editor\" data-id=\"7ef4734\" data-element_type=\"widget\" data-e-type=\"widget\" data-widget_type=\"text-editor.default\">\n\t\t\t\t<div class=\"elementor-widget-container\">\n\t\t\t\t\t\t\t\t\t<p><strong>Droit d&rsquo;acc\u00e8s\u00a0:<\/strong><br \/>Toute personne a le droit d&rsquo;obtenir la confirmation que nous traitons ou non chez M\u00e0rius Roch Advocat des donn\u00e9es personnelles la concernant. Vous pouvez contacter m.roch@icab.cat qui vous enverra par email les donn\u00e9es personnelles que nous traitons vous concernant.<\/p><p><strong>Droit \u00e0 la portabilit\u00e9\u00a0:<\/strong><br \/>Chaque fois que M\u00e0rius Roch Advocat traite vos donn\u00e9es personnelles par des moyens automatis\u00e9s sur la base de votre consentement ou d&rsquo;un accord, vous avez le droit d&rsquo;obtenir une copie de vos donn\u00e9es dans un format structur\u00e9, couramment utilis\u00e9 et lisible par machine transf\u00e9r\u00e9e \u00e0 votre nom ou \u00e0 un tiers. Il inclura uniquement les donn\u00e9es personnelles que vous nous avez fournies.<\/p><p><strong>Droit de rectification\u00a0:<\/strong><br \/>Vous avez le droit de demander la rectification de vos donn\u00e9es personnelles si elles sont inexactes, y compris le droit de compl\u00e9ter les donn\u00e9es qui semblent incompl\u00e8tes.<\/p><p><strong>Droit de suppression\u00a0:<\/strong><br \/>Vous avez le droit d&rsquo;obtenir, sans d\u00e9lai injustifi\u00e9, la suppression de toutes vos donn\u00e9es personnelles trait\u00e9es par M\u00e0rius Roch Advocat, \u00e0 tout moment, sauf dans les situations suivantes :<br \/>* a une dette impay\u00e9e aupr\u00e8s de M\u00e0rius Roch Advocat, quel que soit le mode de paiement<br \/>* vous \u00eates soup\u00e7onn\u00e9 ou confirm\u00e9 d&rsquo;avoir abus\u00e9 de nos services au cours des quatre derni\u00e8res ann\u00e9es<br \/>* vous avez souscrit \u00e0 un service pour lequel nous conserverons vos donn\u00e9es personnelles en relation avec la transaction pour des raisons comptables.<\/p><p><strong>Droit d&rsquo;opposition au traitement des donn\u00e9es fond\u00e9 sur un int\u00e9r\u00eat l\u00e9gitime\u00a0:<\/strong><br \/>Vous avez le droit de vous opposer au traitement de vos donn\u00e9es personnelles sur la base de l&rsquo;int\u00e9r\u00eat l\u00e9gitime de M\u00e0rius Roch Advocat. M\u00e0rius Roch Advocat ne continuera pas \u00e0 traiter les donn\u00e9es personnelles \u00e0 moins que nous puissions prouver des raisons l\u00e9gitimes et imp\u00e9rieuses pour le traitement qui pr\u00e9valent sur vos int\u00e9r\u00eats, droits et libert\u00e9s, ou pour la formulation, l&rsquo;exercice ou la d\u00e9fense de r\u00e9clamations.<\/p><p><strong>Droit d&rsquo;opposition au marketing direct\u00a0:<\/strong><br \/>Vous avez le droit de vous opposer au marketing direct, y compris au profilage effectu\u00e9 pour un tel marketing direct.<br \/>Vous pouvez vous d\u00e9sinscrire du marketing direct \u00e0 tout moment des mani\u00e8res suivantes\u00a0:<br \/>*en suivant les instructions fournies dans chaque e-mail marketing<\/p><p><strong>Droit de d\u00e9poser une r\u00e9clamation aupr\u00e8s d&rsquo;une autorit\u00e9 de contr\u00f4le\u00a0:<\/strong><br \/>Si vous consid\u00e9rez que M\u00e0rius Roch Advocat traite vos donn\u00e9es de mani\u00e8re incorrecte, vous pouvez nous contacter. Vous avez \u00e9galement le droit de d\u00e9poser une plainte aupr\u00e8s de l&rsquo;autorit\u00e9 comp\u00e9tente en mati\u00e8re de protection des donn\u00e9es.<\/p><p><strong>Droit \u00e0 la limitation du traitement\u00a0:<\/strong><br \/>Vous avez le droit de demander \u00e0 M\u00e0rius Roch Advocat de limiter le traitement de vos donn\u00e9es personnelles dans les circonstances suivantes :<br \/>* si vous vous opposez au traitement de vos donn\u00e9es sur la base de l&rsquo;int\u00e9r\u00eat l\u00e9gitime de M\u00e0rius Roch Advocat. M\u00e0rius Roch Advocat devra limiter tout traitement de ces donn\u00e9es dans l&rsquo;attente d&rsquo;une v\u00e9rification de l&rsquo;int\u00e9r\u00eat l\u00e9gitime.<br \/>* si vous pr\u00e9tendez que vos donn\u00e9es personnelles sont incorrectes, M\u00e0rius Roch Advocat doit limiter tout traitement de ces donn\u00e9es jusqu&rsquo;\u00e0 ce que leur exactitude soit v\u00e9rifi\u00e9e.<br \/>* si le traitement est ill\u00e9gal, vous pouvez vous opposer \u00e0 la suppression des donn\u00e9es personnelles et demander \u00e0 la place la limitation de leur utilisation.<br \/>* si M\u00e0rius Roch Advocat n&rsquo;a plus besoin des donn\u00e9es personnelles, mais que vous en avez besoin pour la formulation, l&rsquo;exercice ou la d\u00e9fense de r\u00e9clamations.<\/p><p><strong>Exercice des droits\u00a0:<\/strong><br \/>Nous prenons la protection des donn\u00e9es au s\u00e9rieux et disposons donc d&rsquo;un personnel de service client d\u00e9di\u00e9 pour traiter vos demandes concernant les droits susmentionn\u00e9s. Vous pouvez toujours les contacter \u00e0 : m.roch@icab.cat<\/p>\t\t\t\t\t\t\t\t<\/div>\n\t\t\t\t<\/div>\n\t\t\t\t\t<\/div>\n\t\t<\/div>\n\t\t\t\t\t<\/div>\n\t\t<\/section>\n\t\t\t\t<\/div>\n\t\t","protected":false},"excerpt":{"rendered":"<p>Qui est responsable du traitement de vos donn\u00e9es personnelles? M\u00e0rius Roch 35115946Y, ci-apr\u00e8s RESPONSABLE, est responsable du traitement des donn\u00e9es personnelles que vous nous fournissez et est responsable de ces donn\u00e9es personnelles conform\u00e9ment \u00e0 la r\u00e9glementation applicable en mati\u00e8re de protection des donn\u00e9es. M\u00c0RIUS ROCH dont le si\u00e8ge social est C\/ Sugranyes, 39 1r 8a&#8230;<\/p>\n","protected":false},"author":1,"featured_media":0,"parent":0,"menu_order":0,"comment_status":"closed","ping_status":"closed","template":"","meta":{"footnotes":""},"class_list":["post-990402","page","type-page","status-publish","hentry"],"yoast_head":"<!-- This site is optimized with the Yoast SEO plugin v27.0 - https:\/\/yoast.com\/product\/yoast-seo-wordpress\/ -->\n<title>Avertissement l\u00e9gal - Marius Roch Advocat<\/title>\n<meta name=\"robots\" content=\"index, follow, max-snippet:-1, max-image-preview:large, max-video-preview:-1\" \/>\n<link rel=\"canonical\" href=\"https:\/\/rochadvocat.com\/avis-legal\/\" \/>\n<meta property=\"og:locale\" content=\"fr_FR\" \/>\n<meta property=\"og:type\" content=\"article\" \/>\n<meta property=\"og:title\" content=\"Avertissement l\u00e9gal - Marius Roch Advocat\" \/>\n<meta property=\"og:description\" content=\"Qui est responsable du traitement de vos donn\u00e9es personnelles? M\u00e0rius Roch 35115946Y, ci-apr\u00e8s RESPONSABLE, est responsable du traitement des donn\u00e9es personnelles que vous nous fournissez et est responsable de ces donn\u00e9es personnelles conform\u00e9ment \u00e0 la r\u00e9glementation applicable en mati\u00e8re de protection des donn\u00e9es. M\u00c0RIUS ROCH dont le si\u00e8ge social est C\/ Sugranyes, 39 1r 8a...\" \/>\n<meta property=\"og:url\" content=\"https:\/\/rochadvocat.com\/avis-legal\/\" \/>\n<meta property=\"og:site_name\" content=\"Marius Roch Advocat\" \/>\n<meta property=\"article:modified_time\" content=\"2024-11-25T12:31:51+00:00\" \/>\n<meta name=\"twitter:card\" content=\"summary_large_image\" \/>\n<meta name=\"twitter:label1\" content=\"Dur\u00e9e de lecture estim\u00e9e\" \/>\n\t<meta name=\"twitter:data1\" content=\"5 minutes\" \/>\n<script type=\"application\/ld+json\" class=\"yoast-schema-graph\">{\"@context\":\"https:\/\/schema.org\",\"@graph\":[{\"@type\":\"WebPage\",\"@id\":\"https:\/\/rochadvocat.com\/avis-legal\/\",\"url\":\"https:\/\/rochadvocat.com\/avis-legal\/\",\"name\":\"Avertissement l\u00e9gal - Marius Roch Advocat\",\"isPartOf\":{\"@id\":\"https:\/\/rochadvocat.com\/#website\"},\"datePublished\":\"2024-10-18T12:15:43+00:00\",\"dateModified\":\"2024-11-25T12:31:51+00:00\",\"breadcrumb\":{\"@id\":\"https:\/\/rochadvocat.com\/avis-legal\/#breadcrumb\"},\"inLanguage\":\"fr-FR\",\"potentialAction\":[{\"@type\":\"ReadAction\",\"target\":[\"https:\/\/rochadvocat.com\/avis-legal\/\"]}]},{\"@type\":\"BreadcrumbList\",\"@id\":\"https:\/\/rochadvocat.com\/avis-legal\/#breadcrumb\",\"itemListElement\":[{\"@type\":\"ListItem\",\"position\":1,\"name\":\"Home\",\"item\":\"https:\/\/rochadvocat.com\/small-law-firm\/\"},{\"@type\":\"ListItem\",\"position\":2,\"name\":\"Avertissement l\u00e9gal\"}]},{\"@type\":\"WebSite\",\"@id\":\"https:\/\/rochadvocat.com\/#website\",\"url\":\"https:\/\/rochadvocat.com\/\",\"name\":\"Marius Roch Advocat\",\"description\":\"Advocat penalista en exercici a la ciutat de Barcelona\",\"publisher\":{\"@id\":\"https:\/\/rochadvocat.com\/#organization\"},\"potentialAction\":[{\"@type\":\"SearchAction\",\"target\":{\"@type\":\"EntryPoint\",\"urlTemplate\":\"https:\/\/rochadvocat.com\/?s={search_term_string}\"},\"query-input\":{\"@type\":\"PropertyValueSpecification\",\"valueRequired\":true,\"valueName\":\"search_term_string\"}}],\"inLanguage\":\"fr-FR\"},{\"@type\":\"Organization\",\"@id\":\"https:\/\/rochadvocat.com\/#organization\",\"name\":\"Marius Roch Advocat\",\"url\":\"https:\/\/rochadvocat.com\/\",\"logo\":{\"@type\":\"ImageObject\",\"inLanguage\":\"fr-FR\",\"@id\":\"https:\/\/rochadvocat.com\/#\/schema\/logo\/image\/\",\"url\":\"https:\/\/rochadvocat.com\/wp-content\/uploads\/2022\/09\/Recurso-18.svg\",\"contentUrl\":\"https:\/\/rochadvocat.com\/wp-content\/uploads\/2022\/09\/Recurso-18.svg\",\"width\":616,\"height\":54,\"caption\":\"Marius Roch Advocat\"},\"image\":{\"@id\":\"https:\/\/rochadvocat.com\/#\/schema\/logo\/image\/\"}}]}<\/script>\n<!-- \/ Yoast SEO plugin. -->","yoast_head_json":{"title":"Avertissement l\u00e9gal - Marius Roch Advocat","robots":{"index":"index","follow":"follow","max-snippet":"max-snippet:-1","max-image-preview":"max-image-preview:large","max-video-preview":"max-video-preview:-1"},"canonical":"https:\/\/rochadvocat.com\/avis-legal\/","og_locale":"fr_FR","og_type":"article","og_title":"Avertissement l\u00e9gal - Marius Roch Advocat","og_description":"Qui est responsable du traitement de vos donn\u00e9es personnelles? M\u00e0rius Roch 35115946Y, ci-apr\u00e8s RESPONSABLE, est responsable du traitement des donn\u00e9es personnelles que vous nous fournissez et est responsable de ces donn\u00e9es personnelles conform\u00e9ment \u00e0 la r\u00e9glementation applicable en mati\u00e8re de protection des donn\u00e9es. M\u00c0RIUS ROCH dont le si\u00e8ge social est C\/ Sugranyes, 39 1r 8a...","og_url":"https:\/\/rochadvocat.com\/avis-legal\/","og_site_name":"Marius Roch Advocat","article_modified_time":"2024-11-25T12:31:51+00:00","twitter_card":"summary_large_image","twitter_misc":{"Dur\u00e9e de lecture estim\u00e9e":"5 minutes"},"schema":{"@context":"https:\/\/schema.org","@graph":[{"@type":"WebPage","@id":"https:\/\/rochadvocat.com\/avis-legal\/","url":"https:\/\/rochadvocat.com\/avis-legal\/","name":"Avertissement l\u00e9gal - Marius Roch Advocat","isPartOf":{"@id":"https:\/\/rochadvocat.com\/#website"},"datePublished":"2024-10-18T12:15:43+00:00","dateModified":"2024-11-25T12:31:51+00:00","breadcrumb":{"@id":"https:\/\/rochadvocat.com\/avis-legal\/#breadcrumb"},"inLanguage":"fr-FR","potentialAction":[{"@type":"ReadAction","target":["https:\/\/rochadvocat.com\/avis-legal\/"]}]},{"@type":"BreadcrumbList","@id":"https:\/\/rochadvocat.com\/avis-legal\/#breadcrumb","itemListElement":[{"@type":"ListItem","position":1,"name":"Home","item":"https:\/\/rochadvocat.com\/small-law-firm\/"},{"@type":"ListItem","position":2,"name":"Avertissement l\u00e9gal"}]},{"@type":"WebSite","@id":"https:\/\/rochadvocat.com\/#website","url":"https:\/\/rochadvocat.com\/","name":"Marius Roch Advocat","description":"Advocat penalista en exercici a la ciutat de Barcelona","publisher":{"@id":"https:\/\/rochadvocat.com\/#organization"},"potentialAction":[{"@type":"SearchAction","target":{"@type":"EntryPoint","urlTemplate":"https:\/\/rochadvocat.com\/?s={search_term_string}"},"query-input":{"@type":"PropertyValueSpecification","valueRequired":true,"valueName":"search_term_string"}}],"inLanguage":"fr-FR"},{"@type":"Organization","@id":"https:\/\/rochadvocat.com\/#organization","name":"Marius Roch Advocat","url":"https:\/\/rochadvocat.com\/","logo":{"@type":"ImageObject","inLanguage":"fr-FR","@id":"https:\/\/rochadvocat.com\/#\/schema\/logo\/image\/","url":"https:\/\/rochadvocat.com\/wp-content\/uploads\/2022\/09\/Recurso-18.svg","contentUrl":"https:\/\/rochadvocat.com\/wp-content\/uploads\/2022\/09\/Recurso-18.svg","width":616,"height":54,"caption":"Marius Roch Advocat"},"image":{"@id":"https:\/\/rochadvocat.com\/#\/schema\/logo\/image\/"}}]}},"_links":{"self":[{"href":"https:\/\/rochadvocat.com\/fr\/wp-json\/wp\/v2\/pages\/990402","targetHints":{"allow":["GET"]}}],"collection":[{"href":"https:\/\/rochadvocat.com\/fr\/wp-json\/wp\/v2\/pages"}],"about":[{"href":"https:\/\/rochadvocat.com\/fr\/wp-json\/wp\/v2\/types\/page"}],"author":[{"embeddable":true,"href":"https:\/\/rochadvocat.com\/fr\/wp-json\/wp\/v2\/users\/1"}],"replies":[{"embeddable":true,"href":"https:\/\/rochadvocat.com\/fr\/wp-json\/wp\/v2\/comments?post=990402"}],"version-history":[{"count":14,"href":"https:\/\/rochadvocat.com\/fr\/wp-json\/wp\/v2\/pages\/990402\/revisions"}],"predecessor-version":[{"id":990615,"href":"https:\/\/rochadvocat.com\/fr\/wp-json\/wp\/v2\/pages\/990402\/revisions\/990615"}],"wp:attachment":[{"href":"https:\/\/rochadvocat.com\/fr\/wp-json\/wp\/v2\/media?parent=990402"}],"curies":[{"name":"wp","href":"https:\/\/api.w.org\/{rel}","templated":true}]}}